{"id":870,"date":"2025-03-04T16:05:18","date_gmt":"2025-03-04T15:05:18","guid":{"rendered":"https:\/\/sarvaz.ch\/stellenangebote\/"},"modified":"2026-08-22T12:22:34","modified_gmt":"2026-08-22T10:22:34","slug":"stellenangebote","status":"publish","type":"page","link":"https:\/\/sarvaz.ch\/de\/stellenangebote\/","title":{"rendered":"Stellenangebote"},"content":{"rendered":"<p>[et_pb_section fb_built=&#8220;1&#8243; _builder_version=&#8220;4.27.4&#8243; _module_preset=&#8220;default&#8220; global_colors_info=&#8220;{}&#8220;][et_pb_row _builder_version=&#8220;4.27.4&#8243; _module_preset=&#8220;default&#8220; global_colors_info=&#8220;{}&#8220;][et_pb_column type=&#8220;4_4&#8243; _builder_version=&#8220;4.27.4&#8243; _module_preset=&#8220;default&#8220; global_colors_info=&#8220;{}&#8220;][et_pb_text _builder_version=&#8220;4.27.4&#8243; _module_preset=&#8220;default&#8220; text_text_color=&#8220;gcid-secondary-color&#8220; text_line_height=&#8220;3em&#8220; text_font_size_tablet=&#8220;16px&#8220; text_font_size_phone=&#8220;18px&#8220; text_font_size_last_edited=&#8220;on|phone&#8220; text_line_height_tablet=&#8220;2em&#8220; text_line_height_phone=&#8220;1.4em&#8220; text_line_height_last_edited=&#8220;on|phone&#8220; locked=&#8220;off&#8220; global_colors_info=&#8220;{%22gcid-secondary-color%22:%91%22text_text_color%22%93}&#8220;]<\/p>\n<p style=\"text-align: left;\">Stellenangebote<\/p>\n<h2 style=\"text-align: left;\">Schlie\u00dfen Sie sich dem Team des Relais de la Sarvaz an.<\/h2>\n<p>[\/et_pb_text][et_pb_text disabled_on=&#8220;on|on|on&#8220; _builder_version=&#8220;4.27.4&#8243; _module_preset=&#8220;default&#8220; background_color=&#8220;gcid-5229abbb-c9b7-4c49-a1c5-a486c35559e9&#8243; custom_padding=&#8220;30px|30px|30px|30px|false|false&#8220; border_radii=&#8220;on|30px|30px|30px|30px&#8220; disabled=&#8220;on&#8220; global_colors_info=&#8220;{%22gcid-5229abbb-c9b7-4c49-a1c5-a486c35559e9%22:%91%22background_color%22%93}&#8220;]<\/p>\n<p>Unser Team ist im Moment komplett! Aber bleiben Sie neugierig, es k\u00f6nnen sich immer neue M\u00f6glichkeiten ergeben oder z\u00f6gern Sie nicht, uns Ihre Bewerbung zu schicken! <\/p>\n<p>[\/et_pb_text][\/et_pb_column][\/et_pb_row][et_pb_row column_structure=&#8220;1_2,1_2&#8243; disabled_on=&#8220;off|off|off&#8220; _builder_version=&#8220;4.27.4&#8243; _module_preset=&#8220;default&#8220; background_enable_color=&#8220;off&#8220; border_radii=&#8220;on|30px|30px|30px|30px&#8220; global_colors_info=&#8220;{%22gcid-5229abbb-c9b7-4c49-a1c5-a486c35559e9%22:%91%22background_color%22%93}&#8220;][et_pb_column type=&#8220;1_2&#8243; _builder_version=&#8220;4.27.4&#8243; _module_preset=&#8220;default&#8220; background_color=&#8220;gcid-5229abbb-c9b7-4c49-a1c5-a486c35559e9&#8243; custom_padding=&#8220;30px|30px|30px|30px|false|false&#8220; border_radii=&#8220;on|30px|30px|30px|30px&#8220; global_colors_info=&#8220;{%22gcid-5229abbb-c9b7-4c49-a1c5-a486c35559e9%22:%91%22background_color%22%93}&#8220;][et_pb_text _builder_version=&#8220;4.27.6&#8243; _module_preset=&#8220;default&#8220; global_colors_info=&#8220;{}&#8220;]<\/p>\n<h2>Koch\/K\u00f6chin (100 %)<\/h2>\n<p>[\/et_pb_text][et_pb_toggle title=&#8220;Beschreibung der Stelle&#8220; open_toggle_text_color=&#8220;gcid-secondary-color&#8220; icon_color=&#8220;gcid-5229abbb-c9b7-4c49-a1c5-a486c35559e9&#8243; toggle_icon=&#8220;&#xf063;||fa||900&#8243; open_icon_color=&#8220;gcid-5229abbb-c9b7-4c49-a1c5-a486c35559e9&#8243; open_toggle_icon=&#8220;&#xf062;||fa||900&#8243; _builder_version=&#8220;4.27.4&#8243; _module_preset=&#8220;default&#8220; title_text_color=&#8220;gcid-secondary-color&#8220; background_color=&#8220;#FFFFFF&#8220; border_radii=&#8220;on|30px|30px|30px|30px&#8220; border_color_all=&#8220;gcid-secondary-color&#8220; global_colors_info=&#8220;{%22gcid-secondary-color%22:%91%22border_color_all%22,%22open_toggle_text_color%22,%22title_text_color%22%93,%22gcid-5229abbb-c9b7-4c49-a1c5-a486c35559e9%22:%91%22icon_color%22,%22open_icon_color%22%93}&#8220;]<\/p>\n<p>Zur Verst\u00e4rkung unseres Teams w\u00e4hrend unserer Herbstsaison suchen wir eine\/n Koch\/K\u00f6chin in Vollzeit.<\/p>\n<p>Auf dem Programm stehen: Vorbereitung, Zubereitung der Gerichte, Service und Teamarbeit in einer K\u00fcche, in der viel los ist! Wir suchen jemanden, der motiviert und gut organisiert ist und sich auch in hektischen Situationen sicher f\u00fchlt. <\/p>\n<p>Erfahrung in der K\u00fcche ist wichtig, aber gute Laune und die Bereitschaft, sich gemeinsam mit dem Team einzubringen, sind ebenso wichtig!<\/p>\n<ul><\/ul>\n<p><strong>Wir bieten Ihnen :<\/strong><\/p>\n<ul>\n<li><span style=\"font-size: 16px;\">Ein modernes und gut ausgestattetes Arbeitsumfeld<\/span><\/li>\n<li data-start=\"1329\" data-end=\"1391\">\n<p data-start=\"1331\" data-end=\"1391\">Eine freundliche Arbeitsatmosph\u00e4re in einem motivierten Team<\/p>\n<\/li>\n<li>Ein Gehalt, das Ihren F\u00e4higkeiten und Ihrem Engagement entspricht<\/li>\n<\/ul>\n<p>[\/et_pb_toggle][et_pb_text _builder_version=&#8220;4.27.6&#8243; _module_preset=&#8220;default&#8220; global_colors_info=&#8220;{}&#8220;]<\/p>\n<p><strong>Sind Sie bereit, dem Team beizutreten?<\/strong><\/p>\n<ul>\n<li>Beginn des Einsatzes: 1. September<\/li>\n<li>Senden Sie Ihren Lebenslauf und Ihr Bewerbungsschreiben ausschlie\u00dflich per E-Mail an <a href=\"mailto:direction@sarvaz.ch\">direction@sarvaz.ch<\/a>.<\/li>\n<\/ul>\n<p>Nur Profile, die mit der Anzeige \u00fcbereinstimmen, erhalten eine Antwort.<\/p>\n<p>Die Familie Michellod und das gesamte Team des Relais de la Sarvaz freuen sich, Sie begr\u00fc\u00dfen zu d\u00fcrfen!<\/p>\n<p>[\/et_pb_text][\/et_pb_column][et_pb_column type=&#8220;1_2&#8243; _builder_version=&#8220;4.27.4&#8243; _module_preset=&#8220;default&#8220; background_color=&#8220;gcid-5229abbb-c9b7-4c49-a1c5-a486c35559e9&#8243; custom_padding=&#8220;30px|30px|30px|30px|false|false&#8220; border_radii=&#8220;on|30px|30px|30px|30px&#8220; global_colors_info=&#8220;{%22gcid-5229abbb-c9b7-4c49-a1c5-a486c35559e9%22:%91%22background_color%22%93}&#8220;][et_pb_text _builder_version=&#8220;4.27.4&#8243; _module_preset=&#8220;default&#8220; global_colors_info=&#8220;{}&#8220;]<\/p>\n<h2>50% Dieb (Freitag bis Sonntag)<\/h2>\n<p>[\/et_pb_text][et_pb_toggle title=&#8220;Beschreibung der Stelle&#8220; open_toggle_text_color=&#8220;gcid-secondary-color&#8220; icon_color=&#8220;gcid-5229abbb-c9b7-4c49-a1c5-a486c35559e9&#8243; toggle_icon=&#8220;&#xf063;||fa||900&#8243; open_icon_color=&#8220;gcid-5229abbb-c9b7-4c49-a1c5-a486c35559e9&#8243; open_toggle_icon=&#8220;&#xf062;||fa||900&#8243; _builder_version=&#8220;4.27.4&#8243; _module_preset=&#8220;default&#8220; title_text_color=&#8220;gcid-secondary-color&#8220; background_color=&#8220;#FFFFFF&#8220; border_radii=&#8220;on|30px|30px|30px|30px&#8220; border_color_all=&#8220;gcid-secondary-color&#8220; global_colors_info=&#8220;{%22gcid-secondary-color%22:%91%22border_color_all%22,%22open_toggle_text_color%22,%22title_text_color%22%93,%22gcid-5229abbb-c9b7-4c49-a1c5-a486c35559e9%22:%91%22icon_color%22,%22open_icon_color%22%93}&#8220;]<\/p>\n<p><strong>Ihre Aufgaben sind unter anderem:<\/strong><\/p>\n<ul>\n<li style=\"list-style-type: none;\">\n<ul>\n<li data-start=\"548\" data-end=\"601\">Kochen von Kastanien \u00fcber dem Holzfeuer in den Brisoloirs<\/li>\n<li>Umgang mit Feuer und Kochen<\/li>\n<li data-start=\"548\" data-end=\"601\">\n<p data-start=\"550\" data-end=\"601\">\u00dcberwachung und regelm\u00e4\u00dfige Rotation der Brecher  <\/p>\n<\/li>\n<li data-start=\"602\" data-end=\"637\">\n<p data-start=\"640\" data-end=\"689\">Vorbereitung und Pflege des Arbeitsbereichs<\/p>\n<\/li>\n<li data-start=\"690\" data-end=\"741\">\n<p data-start=\"692\" data-end=\"741\">Aufrechterhaltung der Qualit\u00e4t und des Produktionsrhythmus<\/p>\n<\/li>\n<\/ul>\n<\/li>\n<\/ul>\n<p><strong>Ihr Profil :<\/strong><\/p>\n<ul>\n<li data-start=\"1245\" data-end=\"1304\">\n<p data-start=\"1247\" data-end=\"1304\">Zuverl\u00e4ssige Person, die in der Lage ist, allein zu arbeiten<\/p>\n<\/li>\n<li data-start=\"1305\" data-end=\"1366\">\n<p data-start=\"1307\" data-end=\"1366\">Guter Umgang mit Stress und Hitze<\/p>\n<\/li>\n<li data-start=\"1305\" data-end=\"1366\">sich mit repetitiver Arbeit wohlf\u00fchlen, die Konzentration erfordert<\/li>\n<\/ul>\n<p><strong>Wir bieten Ihnen :<\/strong><\/p>\n<ul>\n<li>Feste Urlaubstage (Montag bis Donnerstag)<\/li>\n<li data-start=\"1329\" data-end=\"1391\">\n<p data-start=\"1331\" data-end=\"1391\">Eine freundliche Arbeitsatmosph\u00e4re in einem motivierten Team<\/p>\n<\/li>\n<\/ul>\n<p>Die \u00d6ffnungszeiten sind unterbrochen, mit Anwesenheit f\u00fcr die Mittags- und Abenddienste (ca. 8,5 Stunden pro Tag), freitags, samstags und sonntags.<\/p>\n<p>Befristete Besch\u00e4ftigung<\/p>\n<p>[\/et_pb_toggle][et_pb_text _builder_version=&#8220;4.27.4&#8243; _module_preset=&#8220;default&#8220; global_colors_info=&#8220;{}&#8220;]<\/p>\n<p><strong>Sind Sie bereit, sich dem Abenteuer anzuschlie\u00dfen?<\/strong><\/p>\n<ul>\n<li>Beginn des Engagements: Ende September bis Ende November<\/li>\n<li>Senden Sie Ihren Lebenslauf und Ihr Bewerbungsschreiben ausschlie\u00dflich per E-Mail an <a href=\"mailto:direction@sarvaz.ch\">direction@sarvaz.ch<\/a>.<\/li>\n<\/ul>\n<p>Nur Profile, die mit der Anzeige \u00fcbereinstimmen, erhalten eine Antwort.<\/p>\n<p>Die Familie Michellod und das gesamte Team des Relais de la Sarvaz freuen sich, Sie begr\u00fc\u00dfen zu d\u00fcrfen!<\/p>\n<p>[\/et_pb_text][\/et_pb_column][\/et_pb_row][et_pb_row column_structure=&#8220;1_2,1_2&#8243; disabled_on=&#8220;off|off|off&#8220; _builder_version=&#8220;4.27.4&#8243; _module_preset=&#8220;default&#8220; background_enable_color=&#8220;off&#8220; border_radii=&#8220;on|30px|30px|30px|30px&#8220; locked=&#8220;off&#8220; global_colors_info=&#8220;{%22gcid-5229abbb-c9b7-4c49-a1c5-a486c35559e9%22:%91%22background_color%22%93}&#8220;][et_pb_column type=&#8220;1_2&#8243; _builder_version=&#8220;4.27.4&#8243; _module_preset=&#8220;default&#8220; background_color=&#8220;gcid-5229abbb-c9b7-4c49-a1c5-a486c35559e9&#8243; custom_padding=&#8220;30px|30px|30px|30px|false|false&#8220; border_radii=&#8220;on|30px|30px|30px|30px&#8220; global_colors_info=&#8220;{%22gcid-5229abbb-c9b7-4c49-a1c5-a486c35559e9%22:%91%22background_color%22%93}&#8220;][et_pb_text _builder_version=&#8220;4.27.6&#8243; _module_preset=&#8220;default&#8220; locked=&#8220;off&#8220; global_colors_info=&#8220;{}&#8220;]<\/p>\n<h2><span>K\u00fcchenhilfe (50 % \u2013 100 %)<\/span><\/h2>\n<p>[\/et_pb_text][et_pb_toggle title=&#8220;Beschreibung der Stelle&#8220; open_toggle_text_color=&#8220;gcid-secondary-color&#8220; icon_color=&#8220;gcid-5229abbb-c9b7-4c49-a1c5-a486c35559e9&#8243; toggle_icon=&#8220;&#xf063;||fa||900&#8243; open_icon_color=&#8220;gcid-5229abbb-c9b7-4c49-a1c5-a486c35559e9&#8243; open_toggle_icon=&#8220;&#xf062;||fa||900&#8243; _builder_version=&#8220;4.27.4&#8243; _module_preset=&#8220;default&#8220; title_text_color=&#8220;gcid-secondary-color&#8220; background_color=&#8220;#FFFFFF&#8220; border_radii=&#8220;on|30px|30px|30px|30px&#8220; border_color_all=&#8220;gcid-secondary-color&#8220; global_colors_info=&#8220;{%22gcid-secondary-color%22:%91%22border_color_all%22,%22open_toggle_text_color%22,%22title_text_color%22%93,%22gcid-5229abbb-c9b7-4c49-a1c5-a486c35559e9%22:%91%22icon_color%22,%22open_icon_color%22%93}&#8220;]<\/p>\n<ul>\n<li data-start=\"382\" data-end=\"427\">\n<p>F\u00fcr unsere Herbstsaison suchen wir eine K\u00fcchenhilfe, die unser Team tatkr\u00e4ftig unterst\u00fctzt.<\/p>\n<p>Vorbereitungen, Einrichten, Reinigung und Unterst\u00fctzung des K\u00fcchenteams w\u00e4hrend der Dienstzeiten. Sie m\u00fcssen kein Spitzenkoch sein: Wir suchen vor allem jemanden, der motiviert und zuverl\u00e4ssig ist und \u00fcber einen guten Teamgeist verf\u00fcgt. <\/p>\n<p><strong>Wir bieten Ihnen :<\/strong><\/p>\n<ul>\n<li>Ein Zeitplan, der an die Bed\u00fcrfnisse beider Parteien angepasst werden kann.<\/li>\n<li><span style=\"font-size: large;\">Ein modernes und gut ausgestattetes Arbeitsumfeld<\/span><\/li>\n<li data-start=\"1329\" data-end=\"1391\">\n<p data-start=\"1331\" data-end=\"1391\">Eine freundliche Arbeitsatmosph\u00e4re in einem motivierten Team<\/p>\n<\/li>\n<li>Ein Gehalt, das Ihren F\u00e4higkeiten und Ihrem Engagement entspricht<span style=\"font-size: 18px;\"><\/span><\/li>\n<\/ul>\n<\/li>\n<\/ul>\n<p>  Befristete Anstellung vom 1. September bis zum 30. November 2026<\/p>\n<p>[\/et_pb_toggle][et_pb_text _builder_version=&#8220;4.27.4&#8243; _module_preset=&#8220;default&#8220; global_colors_info=&#8220;{}&#8220;]<\/p>\n<p><strong>Sind Sie bereit, dem Team beizutreten?<\/strong><\/p>\n<ul>\n<li>Senden Sie Ihren Lebenslauf und Ihr Bewerbungsschreiben ausschlie\u00dflich per E-Mail an <a href=\"mailto:direction@sarvaz.ch\">direction@sarvaz.ch<\/a>.<\/li>\n<\/ul>\n<p>Nur Profile, die mit der Anzeige \u00fcbereinstimmen, erhalten eine Antwort.<\/p>\n<p>Die Familie Michellod und das gesamte Team des Relais de la Sarvaz freuen sich, Sie begr\u00fc\u00dfen zu d\u00fcrfen!<\/p>\n<p>[\/et_pb_text][\/et_pb_column][et_pb_column type=&#8220;1_2&#8243; _builder_version=&#8220;4.27.4&#8243; _module_preset=&#8220;default&#8220; background_color=&#8220;gcid-5229abbb-c9b7-4c49-a1c5-a486c35559e9&#8243; custom_padding=&#8220;30px|30px|30px|30px|false|false&#8220; border_radii=&#8220;on|30px|30px|30px|30px&#8220; global_colors_info=&#8220;{%22gcid-5229abbb-c9b7-4c49-a1c5-a486c35559e9%22:%91%22background_color%22%93}&#8220;][et_pb_text disabled_on=&#8220;off|off|off&#8220; _builder_version=&#8220;4.27.6&#8243; _module_preset=&#8220;default&#8220; global_colors_info=&#8220;{}&#8220;]<\/p>\n<h2>Spezialist f\u00fcr Gastronomie<\/h2>\n<p>[\/et_pb_text][et_pb_toggle title=&#8220;Beschreibung der Stelle&#8220; open_toggle_text_color=&#8220;gcid-secondary-color&#8220; icon_color=&#8220;gcid-5229abbb-c9b7-4c49-a1c5-a486c35559e9&#8243; toggle_icon=&#8220;&#xf063;||fa||900&#8243; open_icon_color=&#8220;gcid-5229abbb-c9b7-4c49-a1c5-a486c35559e9&#8243; open_toggle_icon=&#8220;&#xf062;||fa||900&#8243; disabled_on=&#8220;off|off|off&#8220; _builder_version=&#8220;4.27.4&#8243; _module_preset=&#8220;default&#8220; title_text_color=&#8220;gcid-secondary-color&#8220; background_color=&#8220;#FFFFFF&#8220; border_radii=&#8220;on|30px|30px|30px|30px&#8220; border_color_all=&#8220;gcid-secondary-color&#8220; locked=&#8220;off&#8220; global_colors_info=&#8220;{%22gcid-secondary-color%22:%91%22border_color_all%22,%22open_toggle_text_color%22,%22title_text_color%22%93,%22gcid-5229abbb-c9b7-4c49-a1c5-a486c35559e9%22:%91%22icon_color%22,%22open_icon_color%22%93}&#8220; custom_padding=&#8220;||9px|||&#8220;]<\/p>\n<p><strong><\/strong><\/p>\n<p>Lieben Sie den Kontakt mit Kunden und Tage, an denen kein Tag wie der andere ist?<\/p>\n<p>Zur Verst\u00e4rkung unseres Teams w\u00e4hrend unserer Hochsaison im Herbst suchen wir eine\/n Fachkraft im Gastronomiebereich in Vollzeit.<\/p>\n<p>Empfang der G\u00e4ste, Entgegennahme von Bestellungen, Servieren von Getr\u00e4nken und Speisen, Kassieren \u2026 Sie tragen von Anfang bis Ende zum reibungslosen Ablauf des Service bei. Wir suchen eine dynamische Person mit einer Ausbildung im Servicebereich oder fundierter Berufserfahrung! <\/p>\n<ul><\/ul>\n<p><strong>Wir bieten Ihnen :<\/strong><\/p>\n<ul>\n<li>Ein Zeitplan, der an die Bed\u00fcrfnisse beider Parteien angepasst werden kann.<\/li>\n<li><span style=\"font-size: 16px;\">Ein modernes und gut ausgestattetes Arbeitsumfeld<\/span><\/li>\n<li>2 feste freie Tage (Montag und Dienstag)<\/li>\n<li data-start=\"1329\" data-end=\"1391\">\n<p data-start=\"1331\" data-end=\"1391\">Eine freundliche Arbeitsatmosph\u00e4re in einem motivierten Team<\/p>\n<\/li>\n<li>Ein Gehalt, das Ihren F\u00e4higkeiten und Ihrer Erfahrung entspricht<\/li>\n<\/ul>\n<p>Befristete Anstellung bis zum 30. November 2026<\/p>\n<p>&nbsp;<\/p>\n<p>[\/et_pb_toggle][et_pb_text disabled_on=&#8220;off|off|off&#8220; _builder_version=&#8220;4.27.6&#8243; _module_preset=&#8220;default&#8220; global_colors_info=&#8220;{}&#8220;]<\/p>\n<p><strong>Sind Sie bereit, sich dem Abenteuer anzuschlie\u00dfen?<\/strong><\/p>\n<ul>\n<li>Beginn der Anstellung: Mitte September oder nach Vereinbarung<\/li>\n<li>Senden Sie Ihren Lebenslauf und Ihr Bewerbungsschreiben ausschlie\u00dflich per E-Mail an <a href=\"mailto:direction@sarvaz.ch\">direction@sarvaz.ch<\/a>.<\/li>\n<\/ul>\n<p>Nur Profile, die mit der Anzeige \u00fcbereinstimmen, erhalten eine Antwort.<\/p>\n<p>Die Familie Michellod und das gesamte Team des Relais de la Sarvaz freuen sich, Sie begr\u00fc\u00dfen zu d\u00fcrfen!<\/p>\n<p>[\/et_pb_text][\/et_pb_column][\/et_pb_row][\/et_pb_section]<\/p>\n","protected":false},"excerpt":{"rendered":"<p>Stellenangebote Schlie\u00dfen Sie sich dem Team des Relais de la Sarvaz an.Unser Team ist im Moment komplett! Aber bleiben Sie neugierig, es k\u00f6nnen sich immer neue M\u00f6glichkeiten ergeben oder z\u00f6gern Sie nicht, uns Ihre Bewerbung zu schicken! Koch\/K\u00f6chin (100 %)Zur Verst\u00e4rkung unseres Teams w\u00e4hrend unserer Herbstsaison suchen wir eine\/n Koch\/K\u00f6chin in Vollzeit. Auf dem Programm [&hellip;]<\/p>\n","protected":false},"author":1,"featured_media":0,"parent":0,"menu_order":0,"comment_status":"closed","ping_status":"closed","template":"","meta":{"_et_pb_use_builder":"on","_et_pb_old_content":"","_et_gb_content_width":"","footnotes":""},"dipi_cpt_category":[],"class_list":["post-870","page","type-page","status-publish","hentry"],"yoast_head":"<!-- This site is optimized with the Yoast SEO plugin v28.4 - https:\/\/yoast.com\/product\/yoast-seo-wordpress\/ -->\n<title>Stellenangebote - Relais de la Sarvaz<\/title>\n<meta name=\"robots\" content=\"index, follow, max-snippet:-1, max-image-preview:large, max-video-preview:-1\" \/>\n<link rel=\"canonical\" href=\"https:\/\/sarvaz.ch\/de\/stellenangebote\/\" \/>\n<meta property=\"og:locale\" content=\"de_DE\" \/>\n<meta property=\"og:type\" content=\"article\" \/>\n<meta property=\"og:title\" content=\"Stellenangebote - Relais de la Sarvaz\" \/>\n<meta property=\"og:description\" content=\"Stellenangebote Schlie\u00dfen Sie sich dem Team des Relais de la Sarvaz an.Unser Team ist im Moment komplett! Aber bleiben Sie neugierig, es k\u00f6nnen sich immer neue M\u00f6glichkeiten ergeben oder z\u00f6gern Sie nicht, uns Ihre Bewerbung zu schicken! Koch\/K\u00f6chin (100 %)Zur Verst\u00e4rkung unseres Teams w\u00e4hrend unserer Herbstsaison suchen wir eine\/n Koch\/K\u00f6chin in Vollzeit. Auf dem Programm [&hellip;]\" \/>\n<meta property=\"og:url\" content=\"https:\/\/sarvaz.ch\/de\/stellenangebote\/\" \/>\n<meta property=\"og:site_name\" content=\"Relais de la Sarvaz\" \/>\n<meta property=\"article:publisher\" content=\"https:\/\/www.facebook.com\/relaisdelasarvaz\" \/>\n<meta property=\"article:modified_time\" content=\"2026-08-22T10:22:34+00:00\" \/>\n<meta name=\"twitter:card\" content=\"summary_large_image\" \/>\n<meta name=\"twitter:label1\" content=\"Gesch\u00e4tzte Lesezeit\" \/>\n\t<meta name=\"twitter:data1\" content=\"9 Minuten\" \/>\n<script type=\"application\/ld+json\" class=\"yoast-schema-graph\">{\"@context\":\"https:\\\/\\\/schema.org\",\"@graph\":[{\"@type\":\"WebPage\",\"@id\":\"https:\\\/\\\/sarvaz.ch\\\/de\\\/stellenangebote\\\/\",\"url\":\"https:\\\/\\\/sarvaz.ch\\\/de\\\/stellenangebote\\\/\",\"name\":\"Stellenangebote - Relais de la Sarvaz\",\"isPartOf\":{\"@id\":\"https:\\\/\\\/sarvaz.ch\\\/de\\\/#website\"},\"datePublished\":\"2025-03-04T15:05:18+00:00\",\"dateModified\":\"2026-08-22T10:22:34+00:00\",\"breadcrumb\":{\"@id\":\"https:\\\/\\\/sarvaz.ch\\\/de\\\/stellenangebote\\\/#breadcrumb\"},\"inLanguage\":\"de\",\"potentialAction\":[{\"@type\":\"ReadAction\",\"target\":[\"https:\\\/\\\/sarvaz.ch\\\/de\\\/stellenangebote\\\/\"]}]},{\"@type\":\"BreadcrumbList\",\"@id\":\"https:\\\/\\\/sarvaz.ch\\\/de\\\/stellenangebote\\\/#breadcrumb\",\"itemListElement\":[{\"@type\":\"ListItem\",\"position\":1,\"name\":\"Accueil\",\"item\":\"https:\\\/\\\/sarvaz.ch\\\/de\\\/startseite\\\/\"},{\"@type\":\"ListItem\",\"position\":2,\"name\":\"Stellenangebote\"}]},{\"@type\":\"WebSite\",\"@id\":\"https:\\\/\\\/sarvaz.ch\\\/de\\\/#website\",\"url\":\"https:\\\/\\\/sarvaz.ch\\\/de\\\/\",\"name\":\"Relais de la Sarvaz\",\"description\":\"\",\"publisher\":{\"@id\":\"https:\\\/\\\/sarvaz.ch\\\/de\\\/#organization\"},\"potentialAction\":[{\"@type\":\"SearchAction\",\"target\":{\"@type\":\"EntryPoint\",\"urlTemplate\":\"https:\\\/\\\/sarvaz.ch\\\/de\\\/?s={search_term_string}\"},\"query-input\":{\"@type\":\"PropertyValueSpecification\",\"valueRequired\":true,\"valueName\":\"search_term_string\"}}],\"inLanguage\":\"de\"},{\"@type\":\"Organization\",\"@id\":\"https:\\\/\\\/sarvaz.ch\\\/de\\\/#organization\",\"name\":\"Relais de la Sarvaz\",\"url\":\"https:\\\/\\\/sarvaz.ch\\\/de\\\/\",\"logo\":{\"@type\":\"ImageObject\",\"inLanguage\":\"de\",\"@id\":\"https:\\\/\\\/sarvaz.ch\\\/de\\\/#\\\/schema\\\/logo\\\/image\\\/\",\"url\":\"https:\\\/\\\/sarvaz.intherface.ch\\\/wp-content\\\/uploads\\\/2025\\\/01\\\/logo-Sarvaz-noir.png\",\"contentUrl\":\"https:\\\/\\\/sarvaz.intherface.ch\\\/wp-content\\\/uploads\\\/2025\\\/01\\\/logo-Sarvaz-noir.png\",\"width\":595,\"height\":440,\"caption\":\"Relais de la Sarvaz\"},\"image\":{\"@id\":\"https:\\\/\\\/sarvaz.ch\\\/de\\\/#\\\/schema\\\/logo\\\/image\\\/\"},\"sameAs\":[\"https:\\\/\\\/www.facebook.com\\\/relaisdelasarvaz\",\"https:\\\/\\\/www.instagram.com\\\/relaisdelasarvaz\\\/\"]}]}<\/script>\n<!-- \/ Yoast SEO plugin. -->","yoast_head_json":{"title":"Stellenangebote - Relais de la Sarvaz","robots":{"index":"index","follow":"follow","max-snippet":"max-snippet:-1","max-image-preview":"max-image-preview:large","max-video-preview":"max-video-preview:-1"},"canonical":"https:\/\/sarvaz.ch\/de\/stellenangebote\/","og_locale":"de_DE","og_type":"article","og_title":"Stellenangebote - Relais de la Sarvaz","og_description":"Stellenangebote Schlie\u00dfen Sie sich dem Team des Relais de la Sarvaz an.Unser Team ist im Moment komplett! Aber bleiben Sie neugierig, es k\u00f6nnen sich immer neue M\u00f6glichkeiten ergeben oder z\u00f6gern Sie nicht, uns Ihre Bewerbung zu schicken! Koch\/K\u00f6chin (100 %)Zur Verst\u00e4rkung unseres Teams w\u00e4hrend unserer Herbstsaison suchen wir eine\/n Koch\/K\u00f6chin in Vollzeit. Auf dem Programm [&hellip;]","og_url":"https:\/\/sarvaz.ch\/de\/stellenangebote\/","og_site_name":"Relais de la Sarvaz","article_publisher":"https:\/\/www.facebook.com\/relaisdelasarvaz","article_modified_time":"2026-08-22T10:22:34+00:00","twitter_card":"summary_large_image","twitter_misc":{"Gesch\u00e4tzte Lesezeit":"9 Minuten"},"schema":{"@context":"https:\/\/schema.org","@graph":[{"@type":"WebPage","@id":"https:\/\/sarvaz.ch\/de\/stellenangebote\/","url":"https:\/\/sarvaz.ch\/de\/stellenangebote\/","name":"Stellenangebote - Relais de la Sarvaz","isPartOf":{"@id":"https:\/\/sarvaz.ch\/de\/#website"},"datePublished":"2025-03-04T15:05:18+00:00","dateModified":"2026-08-22T10:22:34+00:00","breadcrumb":{"@id":"https:\/\/sarvaz.ch\/de\/stellenangebote\/#breadcrumb"},"inLanguage":"de","potentialAction":[{"@type":"ReadAction","target":["https:\/\/sarvaz.ch\/de\/stellenangebote\/"]}]},{"@type":"BreadcrumbList","@id":"https:\/\/sarvaz.ch\/de\/stellenangebote\/#breadcrumb","itemListElement":[{"@type":"ListItem","position":1,"name":"Accueil","item":"https:\/\/sarvaz.ch\/de\/startseite\/"},{"@type":"ListItem","position":2,"name":"Stellenangebote"}]},{"@type":"WebSite","@id":"https:\/\/sarvaz.ch\/de\/#website","url":"https:\/\/sarvaz.ch\/de\/","name":"Relais de la Sarvaz","description":"","publisher":{"@id":"https:\/\/sarvaz.ch\/de\/#organization"},"potentialAction":[{"@type":"SearchAction","target":{"@type":"EntryPoint","urlTemplate":"https:\/\/sarvaz.ch\/de\/?s={search_term_string}"},"query-input":{"@type":"PropertyValueSpecification","valueRequired":true,"valueName":"search_term_string"}}],"inLanguage":"de"},{"@type":"Organization","@id":"https:\/\/sarvaz.ch\/de\/#organization","name":"Relais de la Sarvaz","url":"https:\/\/sarvaz.ch\/de\/","logo":{"@type":"ImageObject","inLanguage":"de","@id":"https:\/\/sarvaz.ch\/de\/#\/schema\/logo\/image\/","url":"https:\/\/sarvaz.intherface.ch\/wp-content\/uploads\/2025\/01\/logo-Sarvaz-noir.png","contentUrl":"https:\/\/sarvaz.intherface.ch\/wp-content\/uploads\/2025\/01\/logo-Sarvaz-noir.png","width":595,"height":440,"caption":"Relais de la Sarvaz"},"image":{"@id":"https:\/\/sarvaz.ch\/de\/#\/schema\/logo\/image\/"},"sameAs":["https:\/\/www.facebook.com\/relaisdelasarvaz","https:\/\/www.instagram.com\/relaisdelasarvaz\/"]}]}},"_links":{"self":[{"href":"https:\/\/sarvaz.ch\/de\/wp-json\/wp\/v2\/pages\/870","targetHints":{"allow":["GET"]}}],"collection":[{"href":"https:\/\/sarvaz.ch\/de\/wp-json\/wp\/v2\/pages"}],"about":[{"href":"https:\/\/sarvaz.ch\/de\/wp-json\/wp\/v2\/types\/page"}],"author":[{"embeddable":true,"href":"https:\/\/sarvaz.ch\/de\/wp-json\/wp\/v2\/users\/1"}],"replies":[{"embeddable":true,"href":"https:\/\/sarvaz.ch\/de\/wp-json\/wp\/v2\/comments?post=870"}],"version-history":[{"count":36,"href":"https:\/\/sarvaz.ch\/de\/wp-json\/wp\/v2\/pages\/870\/revisions"}],"predecessor-version":[{"id":1943,"href":"https:\/\/sarvaz.ch\/de\/wp-json\/wp\/v2\/pages\/870\/revisions\/1943"}],"wp:attachment":[{"href":"https:\/\/sarvaz.ch\/de\/wp-json\/wp\/v2\/media?parent=870"}],"wp:term":[{"taxonomy":"dipi_cpt_category","embeddable":true,"href":"https:\/\/sarvaz.ch\/de\/wp-json\/wp\/v2\/dipi_cpt_category?post=870"}],"curies":[{"name":"wp","href":"https:\/\/api.w.org\/{rel}","templated":true}]}}